{"id":596,"date":"2015-02-03T03:13:15","date_gmt":"2015-02-03T03:13:15","guid":{"rendered":"https:\/\/holistictherapy.brussels\/about\/"},"modified":"2024-12-18T08:01:55","modified_gmt":"2024-12-18T08:01:55","slug":"mon-parcours-de-vie","status":"publish","type":"page","link":"https:\/\/holistictherapy.brussels\/fr\/mon-parcours-de-vie\/","title":{"rendered":"MON PARCOURS DE VIE"},"content":{"rendered":"<p><div class=\"fusion-fullwidth fullwidth-box fusion-builder-row-1 nonhundred-percent-fullwidth non-hundred-percent-height-scrolling\" style=\"--awb-border-radius-top-left:0px;--awb-border-radius-top-right:0px;--awb-border-radius-bottom-right:0px;--awb-border-radius-bottom-left:0px;--awb-flex-wrap:wrap;\" ><div class=\"fusion-builder-row fusion-row\"><div class=\"fusion-layout-column fusion_builder_column fusion-builder-column-0 fusion_builder_column_1_1 1_1 fusion-one-full fusion-column-first fusion-column-last\" style=\"--awb-bg-size:cover;\"><div class=\"fusion-column-wrapper fusion-flex-column-wrapper-legacy\"><div class=\"fusion-text fusion-text-1\"><h2>DARKO KATALINIC<\/h2>\n<p style=\"text-align: justify;\">Je suis n\u00e9 \u00e0 Belgrade (Serbie) en 1976. Avant de devenir un massoth\u00e9rapeute, j\u2019ai travaill\u00e9 dans un \u00e9tablissement du secteur HoReCa. C&rsquo;\u00e9tait une exp\u00e9rience fantastique cependant \u00e9puisante. Au cours de mon processus de changement int\u00e9rieur, j&rsquo;ai d\u00e9couvert ma vocation pour la massoth\u00e9rapie.<\/p>\n<p style=\"text-align: justify;\">Dipl\u00f4m\u00e9 du Coll\u00e8ge du Sport &amp; de la Sant\u00e9 de Belgrade en 2007, j&rsquo;ai compl\u00e9t\u00e9 cette formation par un cours de massoth\u00e9rapie \u00e0 l&rsquo;\u00e9cole certifi\u00e9e professionnelle dirig\u00e9e par Pedja Filipovic, un massoth\u00e9rapeute r\u00e9put\u00e9. Par la suite, j&rsquo;ai continu\u00e9 \u00e0 d\u00e9velopper mes pr\u00e9dispositions pour cette discipline pendant des ann\u00e9es, avec mes professeurs et \u00e0 travers la pratique. Les \u00e9preuves de la vie m\u2019ont progressivement men\u00e9 \u00e0 la d\u00e9couverte du traitement par la bio\u00e9nergie (\u00e9nergie du vivant). J&rsquo;ai d\u00e9velopp\u00e9 ce talent en travaillant avec le gu\u00e9risseur de la bio\u00e9nergie d\u2019origine serbe, M. Dragan Jelisavcic, qui est devenu mon professeur.<\/p>\n<\/div><div class=\"fusion-text fusion-text-2\"><p>Aujourd&rsquo;hui, il y a un sentiment de joie et de gratitude envers Dieu pour ce travail que j&rsquo;aime, que j&rsquo;appr\u00e9cie et que j&rsquo;exerce avec passion, enthousiasme et engagement. Depuis onze ans de ma vie, j&rsquo;appr\u00e9cie ce travail \u00e9panouissant, partageant s\u00e9r\u00e9nit\u00e9 et approfondissant mes connaissances gr\u00e2ce \u00e0 la confiance des personnes qui viennent \u00e0 ma pratique. J&rsquo;ai int\u00e9gr\u00e9 toutes mes connaissances et mon exp\u00e9rience de vie dans une approche holistique de la vie et de la sant\u00e9. Mes sp\u00e9cialit\u00e9s sont la th\u00e9rapie de gu\u00e9rison bio\u00e9nerg\u00e9tique qui gu\u00e9rit \u00e0 la fois le corps et l&rsquo;esprit et le traitement holistique (m\u00e9lange de massage th\u00e9rapeutique et de gu\u00e9rison). Au plaisir de vous rencontrer et de vous souhaiter une bonne sant\u00e9 et paix int\u00e9rieure.<\/p>\n<\/div><div class=\"fusion-clearfix\"><\/div><\/div><\/div><div class=\"fusion-layout-column fusion_builder_column fusion-builder-column-1 fusion_builder_column_1_2 1_2 fusion-one-half fusion-column-first\" style=\"--awb-bg-size:cover;width:50%;width:calc(50% - ( ( 4% ) * 0.5 ) );margin-right: 4%;\"><div class=\"fusion-column-wrapper fusion-flex-column-wrapper-legacy\"><div class=\"fusion-image-element fusion-image-align-center in-legacy-container\" style=\"text-align:center;--awb-caption-title-font-family:var(--h2_typography-font-family);--awb-caption-title-font-weight:var(--h2_typography-font-weight);--awb-caption-title-font-style:var(--h2_typography-font-style);--awb-caption-title-size:var(--h2_typography-font-size);--awb-caption-title-transform:var(--h2_typography-text-transform);--awb-caption-title-line-height:var(--h2_typography-line-height);--awb-caption-title-letter-spacing:var(--h2_typography-letter-spacing);\"><div class=\"imageframe-align-center\"><span class=\" fusion-imageframe imageframe-dropshadow imageframe-1 hover-type-none\" style=\"border-radius:20px;-webkit-box-shadow: 3px 3px 7px rgba(0,0,0,0.3);box-shadow: 3px 3px 7px rgba(0,0,0,0.3);\"><img decoding=\"async\" width=\"800\" height=\"881\" title=\"darko\" src=\"http:\/\/mojsajt.org\/holistic\/wp-content\/uploads\/2019\/03\/darko.jpg\" alt class=\"img-responsive wp-image-466\" srcset=\"https:\/\/holistictherapy.brussels\/wp-content\/uploads\/2019\/03\/darko-200x220.jpg 200w, https:\/\/holistictherapy.brussels\/wp-content\/uploads\/2019\/03\/darko-400x441.jpg 400w, https:\/\/holistictherapy.brussels\/wp-content\/uploads\/2019\/03\/darko-600x661.jpg 600w, https:\/\/holistictherapy.brussels\/wp-content\/uploads\/2019\/03\/darko.jpg 800w\" sizes=\"(max-width: 800px) 100vw, 800px\" \/><\/span><\/div><\/div><div class=\"fusion-clearfix\"><\/div><\/div><\/div><\/div><\/div><div class=\"fusion-fullwidth fullwidth-box fusion-builder-row-2 nonhundred-percent-fullwidth non-hundred-percent-height-scrolling\" style=\"--awb-border-radius-top-left:0px;--awb-border-radius-top-right:0px;--awb-border-radius-bottom-right:0px;--awb-border-radius-bottom-left:0px;--awb-flex-wrap:wrap;\" ><div class=\"fusion-builder-row fusion-row\"><div class=\"fusion-layout-column fusion_builder_column fusion-builder-column-2 fusion_builder_column_1_4 1_4 fusion-one-fourth fusion-column-first\" style=\"--awb-bg-size:cover;width:25%;width:calc(25% - ( ( 4% + 4% ) * 0.25 ) );margin-right: 4%;\"><div class=\"fusion-column-wrapper fusion-column-has-shadow fusion-flex-column-wrapper-legacy\"><div class=\"fusion-clearfix\"><\/div><\/div><\/div><div class=\"fusion-layout-column fusion_builder_column fusion-builder-column-3 fusion_builder_column_1_2 1_2 fusion-one-half\" style=\"--awb-bg-size:cover;width:50%;width:calc(50% - ( ( 4% + 4% ) * 0.5 ) );margin-right: 4%;\"><div class=\"fusion-column-wrapper fusion-flex-column-wrapper-legacy\"><div class=\"fusion-sep-clear\"><\/div><div class=\"fusion-separator\" style=\"margin-left: auto;margin-right: auto;margin-top:10px;margin-bottom:30px;width:100%;max-width:50%;\"><div class=\"fusion-separator-border sep-single sep-solid\" style=\"--awb-height:20px;--awb-amount:20px;border-color:#e0dede;border-top-width:1px;\"><\/div><\/div><div class=\"fusion-sep-clear\"><\/div><div class=\"fusion-text fusion-text-3\" style=\"--awb-text-transform:none;\"><h3 style=\"text-align: center;\">Interview for Bruzz TV<\/h3>\n<\/div><iframe src=\"\/\/player.clevercast.com?autoplay=false&autoload=off&captions_default=nl&captions_default_show=true&chromecast=true&account_id=WXv1JD&item_id=AJ0xGQ&comm_url=&comm_url_prefetch=false\" style=\"border: 0; width: 720px; height: 405px\" allow=\"autoplay; fullscreen\" allowfullscreen><\/iframe><div class=\"fusion-clearfix\"><\/div><\/div><\/div><div class=\"fusion-layout-column fusion_builder_column fusion-builder-column-4 fusion_builder_column_1_4 1_4 fusion-one-fourth fusion-column-last\" style=\"--awb-bg-size:cover;width:25%;width:calc(25% - ( ( 4% + 4% ) * 0.25 ) );\"><div class=\"fusion-column-wrapper fusion-column-has-shadow fusion-flex-column-wrapper-legacy\"><div class=\"fusion-clearfix\"><\/div><\/div><\/div><\/div><\/div><div class=\"fusion-fullwidth fullwidth-box fusion-builder-row-3 nonhundred-percent-fullwidth non-hundred-percent-height-scrolling\" style=\"--awb-border-radius-top-left:0px;--awb-border-radius-top-right:0px;--awb-border-radius-bottom-right:0px;--awb-border-radius-bottom-left:0px;--awb-padding-bottom:30px;--awb-margin-top:20px;--awb-margin-bottom:20px;--awb-flex-wrap:wrap;\" ><div class=\"fusion-builder-row fusion-row\"><div class=\"fusion-layout-column fusion_builder_column fusion-builder-column-5 fusion_builder_column_1_2 1_2 fusion-one-half fusion-column-first\" style=\"--awb-bg-size:cover;--awb-margin-bottom:0px;width:50%;width:calc(50% - ( ( 4% + 4% ) * 0.5 ) );margin-right: 4%;\"><div class=\"fusion-column-wrapper fusion-flex-column-wrapper-legacy\"><div class=\"fusion-image-element fusion-image-align-center in-legacy-container\" style=\"text-align:center;--awb-liftup-border-radius:5px;--awb-caption-title-font-family:var(--h2_typography-font-family);--awb-caption-title-font-weight:var(--h2_typography-font-weight);--awb-caption-title-font-style:var(--h2_typography-font-style);--awb-caption-title-size:var(--h2_typography-font-size);--awb-caption-title-transform:var(--h2_typography-text-transform);--awb-caption-title-line-height:var(--h2_typography-line-height);--awb-caption-title-letter-spacing:var(--h2_typography-letter-spacing);\"><div class=\"imageframe-align-center\"><div class=\"awb-image-frame awb-image-frame-2 imageframe-liftup imageframe-2\"><span class=\" fusion-imageframe imageframe-dropshadow imageframe-2\" style=\"border-radius:5px;-webkit-box-shadow: 3px 3px 7px rgba(0,0,0,0.3);box-shadow: 3px 3px 7px rgba(0,0,0,0.3);\"><a href=\"http:\/\/mojsajt.org\/holistic\/wp-content\/uploads\/2019\/03\/darko2-1.jpg\" class=\"fusion-lightbox\" data-rel=\"iLightbox[238fcd3cc83acfb0450]\" data-title=\"darko2\" title=\"darko2\"><img decoding=\"async\" width=\"1000\" height=\"750\" src=\"http:\/\/mojsajt.org\/holistic\/wp-content\/uploads\/2019\/03\/darko2-1.jpg\" alt class=\"img-responsive wp-image-481\" srcset=\"https:\/\/holistictherapy.brussels\/wp-content\/uploads\/2019\/03\/darko2-1-200x150.jpg 200w, https:\/\/holistictherapy.brussels\/wp-content\/uploads\/2019\/03\/darko2-1-400x300.jpg 400w, https:\/\/holistictherapy.brussels\/wp-content\/uploads\/2019\/03\/darko2-1-600x450.jpg 600w, https:\/\/holistictherapy.brussels\/wp-content\/uploads\/2019\/03\/darko2-1-800x600.jpg 800w, https:\/\/holistictherapy.brussels\/wp-content\/uploads\/2019\/03\/darko2-1.jpg 1000w\" sizes=\"(max-width: 800px) 100vw, 600px\" \/><\/a><\/span><\/div><\/div><\/div><div class=\"fusion-clearfix\"><\/div><\/div><\/div><div class=\"fusion-layout-column fusion_builder_column fusion-builder-column-6 fusion_builder_column_1_4 1_4 fusion-one-fourth\" style=\"--awb-bg-size:cover;width:25%;width:calc(25% - ( ( 4% + 4% ) * 0.25 ) );margin-right: 4%;\"><div class=\"fusion-column-wrapper fusion-flex-column-wrapper-legacy\"><div class=\"fusion-image-element fusion-image-align-center in-legacy-container\" style=\"text-align:center;--awb-liftup-border-radius:5px;--awb-caption-title-font-family:var(--h2_typography-font-family);--awb-caption-title-font-weight:var(--h2_typography-font-weight);--awb-caption-title-font-style:var(--h2_typography-font-style);--awb-caption-title-size:var(--h2_typography-font-size);--awb-caption-title-transform:var(--h2_typography-text-transform);--awb-caption-title-line-height:var(--h2_typography-line-height);--awb-caption-title-letter-spacing:var(--h2_typography-letter-spacing);\"><div class=\"imageframe-align-center\"><div class=\"awb-image-frame awb-image-frame-3 imageframe-liftup imageframe-3\"><span class=\" fusion-imageframe imageframe-dropshadow imageframe-3\" style=\"border-radius:5px;-webkit-box-shadow: 3px 3px 7px rgba(0,0,0,0.3);box-shadow: 3px 3px 7px rgba(0,0,0,0.3);\"><a class=\"fusion-no-lightbox\" href=\"https:\/\/holistictherapy.brussels\/wp-content\/uploads\/2019\/03\/darko.pdf\" target=\"_blank\" aria-label=\"darko4\" rel=\"noopener noreferrer\"><img decoding=\"async\" width=\"529\" height=\"750\" src=\"http:\/\/mojsajt.org\/holistic\/wp-content\/uploads\/2019\/03\/darko4.jpg\" alt class=\"img-responsive wp-image-538\" srcset=\"https:\/\/holistictherapy.brussels\/wp-content\/uploads\/2019\/03\/darko4-200x284.jpg 200w, https:\/\/holistictherapy.brussels\/wp-content\/uploads\/2019\/03\/darko4-400x567.jpg 400w, https:\/\/holistictherapy.brussels\/wp-content\/uploads\/2019\/03\/darko4.jpg 529w\" sizes=\"(max-width: 800px) 100vw, 400px\" \/><\/a><\/span><\/div><\/div><\/div><div class=\"fusion-clearfix\"><\/div><\/div><\/div><div class=\"fusion-layout-column fusion_builder_column fusion-builder-column-7 fusion_builder_column_1_4 1_4 fusion-one-fourth fusion-column-last\" style=\"--awb-bg-size:cover;width:25%;width:calc(25% - ( ( 4% + 4% ) * 0.25 ) );\"><div class=\"fusion-column-wrapper fusion-flex-column-wrapper-legacy\"><div class=\"fusion-image-element fusion-image-align-center in-legacy-container\" style=\"text-align:center;--awb-liftup-border-radius:5px;--awb-caption-title-font-family:var(--h2_typography-font-family);--awb-caption-title-font-weight:var(--h2_typography-font-weight);--awb-caption-title-font-style:var(--h2_typography-font-style);--awb-caption-title-size:var(--h2_typography-font-size);--awb-caption-title-transform:var(--h2_typography-text-transform);--awb-caption-title-line-height:var(--h2_typography-line-height);--awb-caption-title-letter-spacing:var(--h2_typography-letter-spacing);\"><div class=\"imageframe-align-center\"><div class=\"awb-image-frame awb-image-frame-4 imageframe-liftup imageframe-4\"><span class=\" fusion-imageframe imageframe-dropshadow imageframe-4\" style=\"border-radius:5px;-webkit-box-shadow: 3px 3px 7px rgba(0,0,0,0.3);box-shadow: 3px 3px 7px rgba(0,0,0,0.3);\"><a class=\"fusion-no-lightbox\" href=\"https:\/\/holistictherapy.brussels\/wp-content\/uploads\/2019\/03\/darko.pdf\" target=\"_blank\" aria-label=\"spiegel\" rel=\"noopener noreferrer\"><img decoding=\"async\" width=\"800\" height=\"1135\" src=\"http:\/\/mojsajt.org\/holistic\/wp-content\/uploads\/2019\/03\/spiegel.jpg\" alt class=\"img-responsive wp-image-532\" srcset=\"https:\/\/holistictherapy.brussels\/wp-content\/uploads\/2019\/03\/spiegel-200x284.jpg 200w, https:\/\/holistictherapy.brussels\/wp-content\/uploads\/2019\/03\/spiegel-400x568.jpg 400w, https:\/\/holistictherapy.brussels\/wp-content\/uploads\/2019\/03\/spiegel-600x851.jpg 600w, https:\/\/holistictherapy.brussels\/wp-content\/uploads\/2019\/03\/spiegel.jpg 800w\" sizes=\"(max-width: 800px) 100vw, 400px\" \/><\/a><\/span><\/div><\/div><\/div><div class=\"fusion-clearfix\"><\/div><\/div><\/div><\/div><\/div><div class=\"fusion-fullwidth fullwidth-box fusion-builder-row-4 fusion-flex-container nonhundred-percent-fullwidth non-hundred-percent-height-scrolling\" style=\"--awb-border-radius-top-left:0px;--awb-border-radius-top-right:0px;--awb-border-radius-bottom-right:0px;--awb-border-radius-bottom-left:0px;--awb-flex-wrap:wrap;\" ><div class=\"fusion-builder-row fusion-row fusion-flex-align-items-flex-start fusion-flex-content-wrap\" style=\"max-width:1352px;margin-left: calc(-4% \/ 2 );margin-right: calc(-4% \/ 2 );\"><div class=\"fusion-layout-column fusion_builder_column fusion-builder-column-8 fusion_builder_column_1_1 1_1 fusion-flex-column\" style=\"--awb-bg-size:cover;--awb-width-large:100%;--awb-margin-top-large:0px;--awb-spacing-right-large:1.92%;--awb-margin-bottom-large:20px;--awb-spacing-left-large:1.92%;--awb-width-medium:100%;--awb-order-medium:0;--awb-spacing-right-medium:1.92%;--awb-spacing-left-medium:1.92%;--awb-width-small:100%;--awb-order-small:0;--awb-spacing-right-small:1.92%;--awb-spacing-left-small:1.92%;\"><div class=\"fusion-column-wrapper fusion-column-has-shadow fusion-flex-justify-content-flex-start fusion-content-layout-column\"><div class=\"fusion-text fusion-text-4\" style=\"--awb-text-transform:none;\"><p data-pm-slice=\"1 1 &#091;&#093;\"><strong>LUC 15:24<\/strong><\/p>\n<p>\u00ab Car mon fils que voici \u00e9tait mort, et il est revenu \u00e0 la vie ; il \u00e9tait perdu, et il est retrouv\u00e9. \u00bb Et ils commenc\u00e8rent \u00e0 se r\u00e9jouir.<\/p>\n<p>N\u00e9 \u00e0 Belgrade (Serbie) en 1976, les premi\u00e8res ann\u00e9es de ma vie furent baign\u00e9es d&rsquo;harmonie naturelle. Ma famille poss\u00e9dait une maison de vacances au Mont\u00e9n\u00e9gro, o\u00f9 je passais beaucoup de temps entour\u00e9 de montagnes, de la mer et de tout l&rsquo;amour et les soins de mes parents, \u00e9tant enfant unique. C&rsquo;\u00e9tait une enfance belle et romantique. Peu apr\u00e8s, j&rsquo;ai chang\u00e9 de pays quatre fois sans pour autant d\u00e9m\u00e9nager, car la guerre civile a \u00e9clat\u00e9 dans l&rsquo;ex-Yougoslavie lorsque j&rsquo;\u00e9tais adolescent. Issu d&rsquo;un mariage mixte (p\u00e8re Croate, m\u00e8re Serbe, grand-m\u00e8re Bosnienne), cela a fortement marqu\u00e9 mon \u00e2me. Bien que nous soyons en s\u00e9curit\u00e9, loin de la zone de guerre, cela a d\u00e9clench\u00e9 de nombreux changements et une crise durable dans notre soci\u00e9t\u00e9. Parall\u00e8lement, des probl\u00e8mes de violence et de contr\u00f4le existaient au sein de ma famille, et mon m\u00e9canisme de protection \u00e9tait de me retirer \u00e9motionnellement de tout et de tous autour de moi.<\/p>\n<p>Au fil des ann\u00e9es, j&rsquo;ai accumul\u00e9 beaucoup de tristesse, de peur et de col\u00e8re, qui se transformaient parfois en rage explosive ou en violence envers les autres. Mon m\u00e9canisme de protection pour \u00e9viter les \u00e9motions lourdes consistait \u00e0 me retirer et \u00e0 rejeter la faute sur les autres (souvent mes parents), et cela a dur\u00e9 de nombreuses ann\u00e9es. Vers l&rsquo;\u00e2ge de 18 ans, j&rsquo;ai commenc\u00e9 \u00e0 utiliser la marijuana comme m\u00e9dicament pour faire face (ou fuir) \u00e0 la r\u00e9alit\u00e9 et passer la journ\u00e9e. La m\u00eame ann\u00e9e, j&rsquo;ai commenc\u00e9 \u00e0 en dealer. J&rsquo;avais beaucoup de travail, car beaucoup de gens \u00e0 Belgrade \u00e0 la fin des ann\u00e9es 90 \u00e9taient d\u00e9sesp\u00e9r\u00e9s, cherchant une forme quelconque d&rsquo;anesth\u00e9sie face au stress et \u00e0 l&rsquo;incertitude dus aux sanctions \u00e9conomiques, \u00e0 deux guerres en une d\u00e9cennie, aux bombardements ill\u00e9gaux de l&rsquo;OTAN en 1999, \u00e0 la corruption et \u00e0 la violence g\u00e9n\u00e9ralis\u00e9es, etc. Je tiens \u00e0 pr\u00e9ciser que je n&rsquo;\u00e9tais pas un criminel au sens strict, bien que ce soit ill\u00e9gal, mais plut\u00f4t un gars dr\u00f4le, comme celui du film <em>American Beauty<\/em>, qui dealait de la marijuana tout en vivant chez ses parents.<\/p>\n<p>J&rsquo;ai v\u00e9cu ainsi pendant les 14 ann\u00e9es suivantes, en subissant beaucoup de stress et en \u00e9tant arr\u00eat\u00e9 \u00e0 plusieurs reprises (j&rsquo;ai pass\u00e9 deux courtes p\u00e9riodes en prison pr\u00e9ventive). En 2002, j&rsquo;ai commenc\u00e9 \u00e0 travailler dans une bo\u00eete de nuit. Pendant cette p\u00e9riode, mes impulsions autodestructrices se sont transform\u00e9es en addictions plus graves, d&rsquo;abord avec l&rsquo;ecstasy et les amph\u00e9tamines, puis avec la coca\u00efne et l&rsquo;alcool pour faire face \u00e0 la d\u00e9pression. En 2006, j&rsquo;ai caus\u00e9 un accident de voiture (sous l&rsquo;influence de l&rsquo;alcool) dans lequel une amie d&rsquo;enfance a perdu la vie. Cela a eu un impact d\u00e9vastateur et a \u00e9t\u00e9 un appel au r\u00e9veil, mais je n&rsquo;arrivais pas \u00e0 g\u00e9rer le sentiment de culpabilit\u00e9.<\/p>\n<p>Les deux ann\u00e9es qui ont suivi cet incident, j&rsquo;ai aliment\u00e9 un sentiment croissant d&rsquo;autodestruction en consommant de la coca\u00efne et de l&rsquo;alcool, jusqu&rsquo;\u00e0 presque me d\u00e9truire compl\u00e8tement. Je me retrouvais litt\u00e9ralement \u00e0 marcher comme un zombie, jusqu&rsquo;\u00e0 une nuit particuli\u00e8re. C&rsquo;\u00e9tait le jour de la Saint-Jean dans le christianisme orthodoxe. Je suis rentr\u00e9 chez moi sous l&#8217;emprise de la coca\u00efne, avec le c\u0153ur battant \u00e0 200 battements par minute. J&rsquo;ai v\u00e9cu une exp\u00e9rience spirituelle, ayant l&rsquo;impression de quitter mon corps, lorsque j&rsquo;ai entendu une voix me demandant de choisir la voie que je souhaitais poursuivre. Elle m&rsquo;a averti que je passerais dans le royaume spirituel (mourir pour \u00eatre gu\u00e9ri) si je continuais sur cette voie autodestructrice. Incertain de ce qui s&rsquo;\u00e9tait r\u00e9ellement pass\u00e9, le lendemain, je me sentais tr\u00e8s diff\u00e9rent et j&rsquo;ai pris une d\u00e9cision forte pour changer quelque chose.<\/p>\n<p>Dans le temps qui a suivi, j&rsquo;ai eu la chance d&rsquo;avoir beaucoup de soutien de ma famille, si bien qu&rsquo;apr\u00e8s plus d&rsquo;une d\u00e9cennie de style de vie stressant, j&rsquo;ai eu le temps et l&rsquo;espace de m&rsquo;arr\u00eater et de r\u00e9fl\u00e9chir. En raison de probl\u00e8mes de sant\u00e9, tels que la gastrite, la tachycardie, une chirurgie du colon, la d\u00e9pression et l&rsquo;\u00e9puisement, ma famille m&rsquo;a pouss\u00e9 \u00e0 consulter quelques m\u00e9decins et un psychiatre. Mis \u00e0 part un psychiatre exp\u00e9riment\u00e9 de 84 ans, je ne me sentais pas compris et tout le monde semblait tr\u00e8s pr\u00e9sser de prescrire des m\u00e9dicaments pour la d\u00e9pression, le sommeil, etc. C&rsquo;\u00e9tait juste mon histoire et mon exp\u00e9rience, donc je vous encourage toujours \u00e0 demander de l&rsquo;aide aux professionnels de sant\u00e9, car il y a de plus en plus d&rsquo;individus fantastiques avec une approche corps-\u00e2me qui font le pont entre la spiritualit\u00e9 et la science. Peu apr\u00e8s, j&rsquo;ai appris que j&rsquo;allais devoir purger une peine de prison de 4,5 ans en raison d&rsquo;un appel tardif concernant l&rsquo;accident de voiture et la vente de marijuana.<\/p>\n<p>Je touchais le fond et, outre l&rsquo;anxi\u00e9t\u00e9, la col\u00e8re et la culpabilit\u00e9, j&rsquo;avais beaucoup de craintes pour l&rsquo;avenir. Pourtant, il y avait une foi profonde en moi qui me disait que je pouvais m&rsquo;aider sans tous ces m\u00e9dicaments. J&rsquo;ai commenc\u00e9 un processus pas \u00e0 pas, d&rsquo;abord avec de longues marches, puis des cours de yoga, puis l&rsquo;apprentissage de la m\u00e9ditation. Lors d&rsquo;une m\u00e9ditation profonde, j&rsquo;ai entendu une pri\u00e8re et d\u00e9couvert qu&rsquo;il s&rsquo;agissait de la pri\u00e8re de J\u00e9sus. J&rsquo;ai continu\u00e9 avec la pri\u00e8re et ressenti le besoin d&rsquo;aller \u00e0 l&rsquo;\u00e9glise. Je n&rsquo;avais pas grandi dans un environnement religieux, ma famille \u00e9tant compos\u00e9e de bureaucrates typiques du communisme. Quand j&rsquo;\u00e9tais plus jeune, ma tante m&rsquo;incitait \u00e0 aller \u00e0 l&rsquo;\u00e9glise, mais cela ne fonctionnait pas car j&rsquo;\u00e9tais d\u00e9\u00e7u par les dogmes religieux et les guerres dans le monde au nom de Dieu, ainsi que par la corruption et les jeux de pouvoir malheureusement pr\u00e9sents dans chaque organisation religieuse. J&rsquo;ai \u00e9t\u00e9 baptis\u00e9 quelques ann\u00e9es auparavant, \u00e0 l&rsquo;\u00e2ge de 27 ans, dans le monast\u00e8re d&rsquo;Ostrog au Mont\u00e9n\u00e9gro. Cela n&rsquo;\u00e9tait pas d\u00fb \u00e0 un appel religieux \u00e0 l&rsquo;origine. En fait, c&rsquo;\u00e9tait ma premi\u00e8re fois \u00e0 l&rsquo;\u00e9glise, car l&rsquo;id\u00e9e de me faire baptiser m&rsquo;\u00e9tait venue apr\u00e8s avoir regard\u00e9 les films <em>Le Parrain<\/em> avec un ami qui \u00e9tait aussi dans le trafic de marijuana. Nous nous imaginions comme des gangsters s\u00e9rieux et \u00e9tions convaincus que ce rituel religieux nous connecterait comme ces gars du film. Finalement, cela s&rsquo;est av\u00e9r\u00e9 \u00eatre l&rsquo;une des exp\u00e9riences spirituelles les plus profondes (pendant le rituel, je transpirais et avais du mal \u00e0 rester debout, voulant pleurer et crier ; c&rsquo;\u00e9tait comme si une bataille entre l&rsquo;obscurit\u00e9 et la lumi\u00e8re avait commenc\u00e9 dans mon \u00e2me. Jusqu&rsquo;\u00e0 aujourd&rsquo;hui, chaque fois que je vais au monast\u00e8re d&rsquo;Ostrog, je ressens une pr\u00e9sence forte et gu\u00e9rissante du Saint-Esprit, tout comme ce jour-l\u00e0).<\/p>\n<p><strong>LUC 15:10<\/strong> \u00ab De m\u00eame, je vous le dis, il y a de la joie devant les anges de Dieu pour un seul p\u00e9cheur qui se repent. \u00bb<\/p>\n<p>\u00c0 l&rsquo;\u00e9poque, je pensais que mon processus de gu\u00e9rison \u00e9tait une s\u00e9rie de co\u00efncidences, mais avec le recul, je r\u00e9alise qu&rsquo;il \u00e9tait guid\u00e9 par une main invisible de Dieu. Chaque fois que je faisais un effort int\u00e9rieur (avec beaucoup de foi), l&rsquo;univers m&rsquo;envoyait quelqu&rsquo;un ou quelque chose pour m&rsquo;aider sur mon chemin. La prochaine personne fut un homme nomm\u00e9 Vladimir Zelenak, qui avait appris le massage traditionnel de sa grand-m\u00e8re. Il me faisait des massages, et j&rsquo;ai commenc\u00e9 \u00e0 apprendre de lui. Il \u00e9tait heureux de partager ses connaissances lorsqu&rsquo;il a reconnu mon int\u00e9r\u00eat et mon talent, car ses enfants n&rsquo;avaient pas le m\u00eame int\u00e9r\u00eat. La m\u00eame ann\u00e9e, j&rsquo;ai termin\u00e9 un cours de massage avec un th\u00e9rapeute renomm\u00e9, Pedja Filipovic. Je pratiquais sur mes amis chaque jour, et cela avait un impact fort sur la gu\u00e9rison. C&rsquo;\u00e9tait une exp\u00e9rience d&rsquo;ouverture du c\u0153ur qui m&rsquo;a appris que donner c&rsquo;est recevoir, et inversement. De plus, j&rsquo;ai finalement r\u00e9ussi \u00e0 obtenir mon dipl\u00f4me dans un coll\u00e8ge priv\u00e9 de sport et de sant\u00e9 apr\u00e8s plusieurs ann\u00e9es marqu\u00e9es par des interruptions dues \u00e0 des addictions. L\u00e0-bas, j&rsquo;ai acquis des connaissances utiles sur l&rsquo;anatomie, la physiologie et la biom\u00e9canique, qui sont toutes tr\u00e8s utiles dans ma pratique actuelle de la gu\u00e9rison et du massage.<\/p>\n<p>Les changements int\u00e9rieurs \u00e9taient si rapides au cours des deux premi\u00e8res ann\u00e9es qu&rsquo;il \u00e9tait difficile de s&rsquo;habituer \u00e0 un \u00e9tat d&rsquo;\u00eatre beaucoup plus l\u00e9ger et d&rsquo;int\u00e9grer tout cela. Une des exp\u00e9riences qui a chang\u00e9 ma vie fut mon premier (sur deux) \u00ab cri primal \u00bb. Assez \u00e9tonnamment, cela ne s&rsquo;est pas produit en th\u00e9rapie. (Plus tard, j&rsquo;ai d\u00e9couvert qu&rsquo;il existait des livres et des th\u00e9rapies d\u00e9velopp\u00e9es appel\u00e9es \u00ab cri primal \u00bb, o\u00f9 quelqu&rsquo;un traverse de nombreuses \u00e9motions refoul\u00e9es et des exp\u00e9riences traumatiques en peu de temps.) J&rsquo;\u00e9tais en fait dans un groupe avec ma famille et des amis, et l&rsquo;un d&rsquo;eux m&rsquo;a fait rire avec ses blagues. \u00c0 ce moment-l\u00e0, je n&rsquo;avais ni ri ni pleur\u00e9 depuis longtemps, mais cette personne avait un sens de l&rsquo;humour extraordinaire. Les rires prolong\u00e9s ont d\u00e9plac\u00e9 une \u00e9nergie bloqu\u00e9e de mon plexus solaire jusqu&rsquo;\u00e0 ce que je commence \u00e0 crier pendant environ 20 secondes, submerg\u00e9 par la douleur, la rage, la peur et les t\u00e9n\u00e8bres, qui se sont ensuite transform\u00e9es en pleurs. Quelques minutes plus tard, j&rsquo;ai commenc\u00e9 \u00e0 trembler alors que les gens autour \u00e9taient encore sous le choc de ce qui venait de se passer. Seul mon oncle, qui avait pass\u00e9 toute la guerre \u00e0 Sarajevo, a compris ce qui se passait. Il m&rsquo;a donn\u00e9 une couverture et m&rsquo;a accompagn\u00e9 au lit. Les jours suivants, je bougeais et parlais peu ; il \u00e9tait plus simple de hocher la t\u00eate, et je ressentais un soulagement comme un nouveau-n\u00e9.<\/p>\n<p>Peu apr\u00e8s cette exp\u00e9rience, j&rsquo;ai ressenti un flux d&rsquo;\u00e9nergie fort dans tout mon corps et mes mains, et j&rsquo;ai commenc\u00e9 \u00e0 les bouger intuitivement, en les tenant dans diff\u00e9rentes positions pendant que je pratiquais le massage. J&rsquo;ai re\u00e7u beaucoup de r\u00e9actions des autres, allant de la disparition de la douleur \u00e0 des pleurs et un sentiment de paix ensuite. Comme je n&rsquo;avais aucune id\u00e9e de ce qui se passait, j&rsquo;ai commenc\u00e9 \u00e0 chercher des livres ou des informations sur la gu\u00e9rison \u00e9nerg\u00e9tique. Les livres et les enseignements de Barbara Ann Brennan, Rudolf Steiner et Stylianos Atteshlis ont eu un impact profond. Peu apr\u00e8s, l&rsquo;univers a encore fait son travail et m&rsquo;a envoy\u00e9 de l&rsquo;amour et du soutien (comme toujours) en me connectant avec Dragan Jelisavcic, un gu\u00e9risseur spirituel bien connu. Il a \u00e9t\u00e9 un grand soutien et une aide dans la r\u00e9alisation et le d\u00e9veloppement du don que j&rsquo;avais d\u00e9couvert apr\u00e8s cette p\u00e9riode difficile. (<a>https:\/\/hipnoterapija-jasna.rs\/<\/a>)<\/p>\n<p>En 2011, j&rsquo;ai re\u00e7u l&rsquo;appel \u00e0 purger une peine de prison. J&rsquo;avais envisag\u00e9 de fuir mon pays et de m&rsquo;\u00e9chapper chez un ami (la peine expire apr\u00e8s 10 ans) aux Cara\u00efbes pour \u00e9viter la prison, lorsque mes aides invisibles (guides spirituels) sont apparues une nouvelle fois et ont dit : \u00ab Toute ta vie, tu as choisi ce qui semblait \u00eatre le chemin le plus facile, mais \u00e9tait-ce vraiment le cas ? Ton \u00e2me choisit l&rsquo;exp\u00e9rience qui est la meilleure pour toi. \u00bb Quelques secondes plus tard, ma d\u00e9cision \u00e9tait prise, m\u00eame si mon esprit rationnel criait : \u00ab Es-tu fou, comment vas-tu survivre en prison sans muscles, et que feras-tu de ta vie apr\u00e8s cela ? \u00bb Les jours suivants, j&rsquo;ai rendu visite \u00e0 Dragan Jelisavcic, qui a confirm\u00e9 ma d\u00e9cision. Il a dit qu&rsquo;il y avait de nombreuses \u00e2mes en prison qui avaient besoin d&rsquo;aide et que je pourrais leur apporter cette aide par des techniques de gu\u00e9rison, et que c&rsquo;\u00e9tait mon chemin vers l&rsquo;auto-gu\u00e9rison.<\/p>\n<p><strong>Je me suis retrouv\u00e9 dans une prison semi-ouverte.<\/strong> Cela signifiait qu\u2019apr\u00e8s un certain temps, ceux qui faisaient preuve de discipline pouvaient sortir de la partie ferm\u00e9e pour travailler dans une \u00e9conomie carc\u00e9rale, avec des l\u00e9gumes, des animaux, etc. Cependant, lors du premier mois, \u00e0 l\u2019arriv\u00e9e, vous passez en isolement avec 10 autres personnes pendant que les autorit\u00e9s \u00e9valuent votre comportement. Rapidement apr\u00e8s mon arriv\u00e9e, j\u2019ai commenc\u00e9 \u00e0 aider d\u2019autres d\u00e9tenus pour divers probl\u00e8mes, si bien que les nouvelles se sont rapidement r\u00e9pandues. Les gens l\u00e0-bas m\u2019ont donn\u00e9 un surnom : \u00ab Docteur \u00bb. Apr\u00e8s peu de temps, ma peur de la violence a disparu car je me sentais prot\u00e9g\u00e9, comme un ours polaire. Toute cette exp\u00e9rience s\u2019est transform\u00e9e en une \u00ab universit\u00e9 de la vie \u00bb, m\u2019offrant enfin beaucoup de temps pour l\u2019introspection et de nombreuses opportunit\u00e9s de pratiquer la gu\u00e9rison, car il y avait beaucoup de gens dans le besoin. Quotidiennement, 5 \u00e0 10 personnes venaient pour des traitements de gu\u00e9rison. Plus tard, m\u00eame les gardiens et les employ\u00e9s ont demand\u00e9 des traitements. Pendant tout ce temps, j\u2019ai maintenu une pri\u00e8re int\u00e9rieure.<\/p>\n<p>La seconde partie de ma peine, je l\u2019ai pass\u00e9e dans la partie ouverte, d\u2019abord en travaillant avec des l\u00e9gumes, puis en tant que berger de 50 moutons. J\u2019ai travers\u00e9 une crise mentale en \u00e9tant coinc\u00e9 dans mes pens\u00e9es, me posant des questions telles que : \u00ab Que faire ensuite ? Je n\u2019ai aucune \u00e9pargne. Que va-t-il arriver \u00e0 mes proches ? \u00bb Un jour, alors que je marchais, j\u2019ai soudain ressenti l\u2019amour et le soutien de Dieu, m\u2019apportant une sensation de joie paisible \u00e0 l\u2019int\u00e9rieur. C\u2019\u00e9tait une joie oubli\u00e9e que je n\u2019avais pas ressentie depuis ma petite enfance, avant l\u2019influence des programmes parentaux et soci\u00e9taux qui me disaient : \u00ab Tu dois faire ceci, acheter cela, finir cette universit\u00e9, trouver ce travail pour \u00eatre heureux et m\u00e9riter l\u2019amour, etc. \u00bb Je me suis senti aim\u00e9 et libre (curieusement, en prison), apr\u00e8s de nombreuses ann\u00e9es \u00e0 vivre emprisonn\u00e9 par des programmes et des croyances que je consid\u00e9rais comme acquises (90 % des souffrances actuelles de l\u2019humanit\u00e9 proviennent de cet \u00e9loignement de notre nature divine). C\u2019\u00e9tait une exp\u00e9rience de la citation : \u00ab Ce que vous cherchez est d\u00e9j\u00e0 \u00e0 l\u2019int\u00e9rieur \u00bb, mise en pratique.<\/p>\n<p>\u00c0 mi-parcours de ma peine, j\u2019ai v\u00e9cu un second \u00ab cri primal \u00bb. Cela a \u00e9t\u00e9 d\u00e9clench\u00e9 lorsque j\u2019ai frapp\u00e9 violemment un mouton avec un b\u00e2ton, submerg\u00e9 par une rage \u00e9crasante qui avait pris le contr\u00f4le. Imm\u00e9diatement apr\u00e8s, quelques secondes plus tard, et en r\u00e9alisant l\u2019ombre sombre qui s\u2019\u00e9tait manifest\u00e9e sur le pauvre animal, je suis tomb\u00e9 \u00e0 genoux. J\u2019ai ressenti comme si ma personnalit\u00e9 se d\u00e9sint\u00e9grait en morceaux et que j\u2019allais perdre l\u2019esprit. J\u2019ai chuchot\u00e9 doucement : \u00ab Je ne peux pas affronter cela tout seul \u00bb, et j\u2019ai entendu une voix dire : \u00ab Mais tu n\u2019es pas seul \u00bb. J\u2019ai alors commenc\u00e9 \u00e0 crier et \u00e0 pleurer. Toute la col\u00e8re et la douleur remontaient \u00e0 la surface\u2026<\/p>\n<p>Ce fut une exp\u00e9rience intense comme la premi\u00e8re, mais elle a apport\u00e9 beaucoup de paix et de soulagement. Quelques ann\u00e9es plus tard, cela a continu\u00e9 \u00e0 se produire lors de s\u00e9ances de gu\u00e9rison avec des \u00e2mes sensibles et traumatis\u00e9es qui venaient chercher de l\u2019aide et des conseils. Aujourd\u2019hui, il m\u2019est facile de reconna\u00eetre ces \u00e2mes qui sont au bord du gouffre, car j\u2019ai \u00e9t\u00e9 l\u2019une d\u2019entre elles.<\/p>\n<p>Ma troisi\u00e8me exp\u00e9rience qui a chang\u00e9 ma vie a \u00e9t\u00e9 la lecture de la Sainte Bible. Je l\u2019ai achet\u00e9e il y a de nombreuses ann\u00e9es et je l\u2019ai gard\u00e9e pr\u00e8s de mon lit, mais je ne me sentais pas pr\u00eat \u00e0 l\u2019ouvrir. Le fanatisme religieux, les dogmes aveugles, la corruption dans l\u2019\u00c9glise, les guerres au nom de Dieu, les autorit\u00e9s religieuses dans de luxueuses Mercedes m\u2019avaient fait douter de Dieu et de ses enseignements. Mais en 2011, dans une partie ouverte de la prison, pendant l\u2019hiver, je devais rester de garde quelques nuits par semaine aupr\u00e8s des moutons parce que, durant cette p\u00e9riode de l\u2019ann\u00e9e, ils mettaient bas des agneaux. J\u2019ai commenc\u00e9 \u00e0 lire la Bible t\u00f4t le matin, vers 4 heures. D\u2019une certaine mani\u00e8re, c\u2019\u00e9tait un \u00e9tat d\u2019esprit diff\u00e9rent \u00e0 cette heure-l\u00e0 (la science v\u00e9dique en parle), et je me souviens que c\u2019\u00e9tait comme un s\u00e9isme spirituel, et que je pleurais comme un b\u00e9b\u00e9 \u00e0 chaque \u00c9vangile. La v\u00e9rit\u00e9, la lumi\u00e8re, la foi, le chemin de vie et la force rayonnaient entre les lignes. Cela a eu une forte influence sur mon \u00e2me et ma perspective de la vie et de la r\u00e9alit\u00e9. Tout ce dont vous avez besoin pour vivre se trouve l\u00e0, et je vous recommande chaleureusement de la lire pour comprendre quelle bataille invisible se d\u00e9roule pour nos \u00e2mes dans le monde aujourd\u2019hui et \u00e0 travers les si\u00e8cles.<\/p>\n<p>En 2013, il y a eu des \u00e9lections, et des nationalistes d\u2019extr\u00eame droite, qui avaient promis une amnistie pour les prisonniers (afin de gagner plus de voix), ont remport\u00e9 les \u00e9lections. J\u2019ai \u00e9t\u00e9 lib\u00e9r\u00e9 apr\u00e8s 2,5 ans de prison.<\/p>\n<p>J\u2019ai commenc\u00e9 \u00e0 travailler dans un centre de bien-\u00eatre, mais apr\u00e8s 6 mois, la vie m\u2019a conduit \u00e0 Bruxelles, o\u00f9 j\u2019ai lanc\u00e9 ma propre pratique en 2014. Je me souviens que je luttais avec une faible estime de moi et un manque de confiance, bien qu\u2019apr\u00e8s beaucoup de pratique en prison et dans le centre de bien-\u00eatre, j\u2019\u00e9tais plut\u00f4t bon en massage et en gu\u00e9rison.<\/p>\n<p>\u00c0 cette \u00e9poque, j\u2019ai commenc\u00e9 un cours de th\u00e9\u00e2tre d\u2019improvisation, que j\u2019ai poursuivi pendant 4 ans. Mon objectif \u00e9tait de socialiser et de m\u2019amuser, mais cela a finalement eu une influence th\u00e9rapeutique profonde, car cela m\u2019a aid\u00e9 \u00e0 comprendre le m\u00e9canisme de la peur et \u00e0 voir comment s\u2019identifier au dialogue int\u00e9rieur d\u00e9clenche des ins\u00e9curit\u00e9s. Cela a conduit \u00e0 une bien plus grande confiance en moi dans la vie et au travail. De plus, j\u2019ai appris \u00e0 \u00e9couter les autres, \u00e0 \u00eatre pr\u00e9sent et \u00e0 apporter plus de soutien. Je le recommande \u00e0 tout le monde (<a href=\"http:\/\/www.improbrussels.com\" target=\"_new\" rel=\"noopener\">www.improbrussels.com<\/a> th\u00e9\u00e2tre d\u2019improvisation en anglais).<\/p>\n<p>\u00ab Honore ton p\u00e8re et ta m\u00e8re, afin que tes jours se prolongent dans le pays que l\u2019\u00c9ternel, ton Dieu, te donne. \u00bb Exode 20:12<\/p>\n<p>\u00c0 l\u2019\u00e2ge de 42 ans, la th\u00e9rapie des constellations familiales m\u2019a aid\u00e9 \u00e0 m\u2019accepter moi-m\u00eame, ainsi que mes racines et ma vie, \u00e0 un niveau plus profond. Par la suite, j\u2019ai ressenti un appel int\u00e9rieur \u00e0 d\u00e9couvrir des vies ant\u00e9rieures et j\u2019ai eu de belles exp\u00e9riences avec le gu\u00e9risseur Ronald van de Peppel, un lecteur d\u2019auras et de vies ant\u00e9rieures de Malines (<a href=\"http:\/\/www.ronaldvandepeppel.com\" target=\"_new\" rel=\"noopener\">www.ronaldvandepeppel.com<\/a>). Mon nouvel \u00e9clairage \u00e9tait que j\u2019avais re\u00e7u un don de gu\u00e9rison dans une incarnation il y a plusieurs milliers d\u2019ann\u00e9es avant J.-C. et que j\u2019avais travers\u00e9 une p\u00e9riode difficile dans cette vie pour me souvenir et \u00e9veiller ce don. Cela a \u00e9t\u00e9 une exp\u00e9rience tr\u00e8s ancr\u00e9e et m\u2019a apport\u00e9 la paix et une meilleure compr\u00e9hension.<\/p>\n<p>Apr\u00e8s 13 ans de pratique des s\u00e9ances de gu\u00e9rison et la r\u00e9alisation que les relations familiales et les traumatismes transg\u00e9n\u00e9rationnels sont une partie importante d\u2019un processus de gu\u00e9rison, en 2023, j\u2019ai commenc\u00e9 une formation pour devenir th\u00e9rapeute en constellations familiales (esp\u00e9rant la terminer d\u2019ici 2025). Je m\u2019int\u00e9resse \u00e9galement au potentiel de gu\u00e9rison et \u00e0 l\u2019utilisation des plantes m\u00e9dicinales spirituelles (psilocybine) pour traiter les traumatismes, etc. Malheureusement, cela reste ill\u00e9gal dans de nombreux pays, bien que la nature nous l\u2019ait donn\u00e9 il y a des milliers d\u2019ann\u00e9es, en raison de l\u2019influence politique des plus grands cartels de drogue au monde, \u00e0 savoir les compagnies pharmaceutiques.<\/p>\n<p>Les nouvelles avanc\u00e9es technologiques, qui s\u2019accumulent \u00e0 un rythme effr\u00e9n\u00e9, noient l\u2019humanit\u00e9 dans un marais de doute total et cr\u00e9ent des illusions fragiles de pouvoir sur tout, pour nous tous. Cela \u00e9loigne encore plus la pens\u00e9e humaine, la croyance et l\u2019activit\u00e9 de notre nature divine.<\/p>\n<p>Aujourd\u2019hui, j\u2019ai une approche holistique de la vie et je me vois comme un gu\u00e9risseur bless\u00e9. Je suis reconnaissant \u00e0 toutes les \u00e2mes qui viennent pour la gu\u00e9rison, car je ressens de la joie, un but et une auto-gu\u00e9rison en aidant les autres. Je n\u2019ai jamais gu\u00e9ri personne ; cela se produit avec la gr\u00e2ce de Dieu pour ceux qui sont pr\u00eats au changement int\u00e9rieur. Je me sens comme un canal pour les \u00e9nergies divines, et je suis l\u00e0 simplement pour vous rappeler qui vous \u00eates vraiment et vous aider \u00e0 vous reconnecter et \u00e0 exp\u00e9rimenter \u00e0 nouveau votre vraie nature. Et normalement, c\u2019est ce qui apporte l\u2019harmonie, la paix et la gu\u00e9rison.<\/p>\n<p>\u00ab Demandez, et il vous sera donn\u00e9 ; cherchez, et vous trouverez ; frappez, et l\u2019on vous ouvrira. \u00bb Matthieu 7-7<\/p>\n<p>Nous sommes tous b\u00e9nis !<\/p>\n<p><strong>Darko Katalinic<\/strong><\/p>\n<\/div><\/div><\/div><\/div><\/div><\/p>\n","protected":false},"excerpt":{"rendered":"","protected":false},"author":1,"featured_media":0,"parent":0,"menu_order":0,"comment_status":"open","ping_status":"open","template":"","meta":{"footnotes":""},"class_list":["post-596","page","type-page","status-publish","hentry"],"_links":{"self":[{"href":"https:\/\/holistictherapy.brussels\/fr\/wp-json\/wp\/v2\/pages\/596","targetHints":{"allow":["GET"]}}],"collection":[{"href":"https:\/\/holistictherapy.brussels\/fr\/wp-json\/wp\/v2\/pages"}],"about":[{"href":"https:\/\/holistictherapy.brussels\/fr\/wp-json\/wp\/v2\/types\/page"}],"author":[{"embeddable":true,"href":"https:\/\/holistictherapy.brussels\/fr\/wp-json\/wp\/v2\/users\/1"}],"replies":[{"embeddable":true,"href":"https:\/\/holistictherapy.brussels\/fr\/wp-json\/wp\/v2\/comments?post=596"}],"version-history":[{"count":0,"href":"https:\/\/holistictherapy.brussels\/fr\/wp-json\/wp\/v2\/pages\/596\/revisions"}],"wp:attachment":[{"href":"https:\/\/holistictherapy.brussels\/fr\/wp-json\/wp\/v2\/media?parent=596"}],"curies":[{"name":"wp","href":"https:\/\/api.w.org\/{rel}","templated":true}]}}